{"id":17026,"date":"2024-01-29T22:46:40","date_gmt":"2024-01-29T21:46:40","guid":{"rendered":"https:\/\/www.eckla.de\/produkt\/the-eckla-grizzly-rear-bike-carrier\/"},"modified":"2025-09-01T00:06:18","modified_gmt":"2025-08-31T22:06:18","slug":"the-eckla-grizzly-rear-bike-carrier","status":"publish","type":"product","link":"https:\/\/www.eckla.de\/en\/produkt\/the-eckla-grizzly-rear-bike-carrier\/","title":{"rendered":"The ECKLA-GRIZZLY rear bike carrier"},"content":{"rendered":"<section class=\"l-section wpb_row height_auto\"><div class=\"l-section-h i-cf\"><div class=\"g-cols vc_row via_flex valign_top type_default stacking_default\"><div class=\"vc_col-sm-12 wpb_column vc_column_container\"><div class=\"vc_column-inner\"><div class=\"wpb_wrapper\"><div class=\"g-cols wpb_row via_flex valign_top type_default stacking_default\"><div class=\"vc_col-sm-12 wpb_column vc_column_container\"><div class=\"vc_column-inner\"><div class=\"wpb_wrapper\"><div class=\"wpb_text_column\"><div class=\"wpb_wrapper\"><p id=\"tw-target-text\" class=\"tw-data-text tw-text-large tw-ta\" dir=\"ltr\" data-placeholder=\"\u00dcbersetzung\" data-ved=\"2ahUKEwjR5JPp7J2OAxUN9bsIHS9EDJcQ3ewLegQICRAU\" aria-label=\"\u00dcbersetzter Text: The Eckla Grizzly is a sturdy, universal aluminum rear carrier for many vehicle types (sedans, notchbacks, station wagons, and convertibles). \u2013 Perfect fit by placing the carrier on the rear bumper and securing it to the vehicle with 6 straps. \u2013 Optimal load distribution during transport \u2013 Easy to mount on the vehicle using straps without tools \u2013 Convenient loading and unloading of bicycles at the rear of the vehicle \u2013 Very high transport safety \u2013 Lower fuel consumption compared to roof-mounted transport \u2013 The Grizzly folds up to save space \u2013 Fits 2 bicycles as standard, with an extension available for 3 bikes. Suitable for vehicles with a wide bumper. Also suitable for e-bikes with a tire width of up to approximately 52 mm! To check whether the Eckla Grizzly fits your vehicle, send us a photo of the rear of your vehicle to: info@eckla.de. Our technical specialists will respond as soon as possible.\"><span class=\"Y2IQFc\" lang=\"en\">The Eckla Grizzly is a sturdy, universal aluminum rear carrier for many vehicle types (sedans, notchbacks, station wagons, and convertibles). \u2013 Perfect fit by placing the carrier on the rear bumper and securing it to the vehicle with 6 straps. \u2013 Optimal load distribution during transport \u2013 Easy to mount on the vehicle using straps without tools \u2013 Convenient loading and unloading of bicycles at the rear of the vehicle \u2013 Very high transport safety \u2013 Lower fuel consumption compared to roof-mounted transport \u2013 The Grizzly folds up to save space \u2013 Fits 2 bicycles as standard, with an extension available for 3 bikes. Suitable for vehicles with a wide bumper. <\/span><\/p>\n<p class=\"tw-data-text tw-text-large tw-ta\" dir=\"ltr\" data-placeholder=\"\u00dcbersetzung\" data-ved=\"2ahUKEwjR5JPp7J2OAxUN9bsIHS9EDJcQ3ewLegQICRAU\" aria-label=\"\u00dcbersetzter Text: The Eckla Grizzly is a sturdy, universal aluminum rear carrier for many vehicle types (sedans, notchbacks, station wagons, and convertibles). \u2013 Perfect fit by placing the carrier on the rear bumper and securing it to the vehicle with 6 straps. \u2013 Optimal load distribution during transport \u2013 Easy to mount on the vehicle using straps without tools \u2013 Convenient loading and unloading of bicycles at the rear of the vehicle \u2013 Very high transport safety \u2013 Lower fuel consumption compared to roof-mounted transport \u2013 The Grizzly folds up to save space \u2013 Fits 2 bicycles as standard, with an extension available for 3 bikes. Suitable for vehicles with a wide bumper. Also suitable for e-bikes with a tire width of up to approximately 52 mm! To check whether the Eckla Grizzly fits your vehicle, send us a photo of the rear of your vehicle to: info@eckla.de. Our technical specialists will respond as soon as possible.\"><span class=\"Y2IQFc\" lang=\"en\"><strong>Also suitable for e-bikes with a tire width of up to approximately 52 mm!<\/strong><\/span><\/p>\n<p class=\"tw-data-text tw-text-large tw-ta\" dir=\"ltr\" data-placeholder=\"\u00dcbersetzung\" data-ved=\"2ahUKEwjR5JPp7J2OAxUN9bsIHS9EDJcQ3ewLegQICRAU\" aria-label=\"\u00dcbersetzter Text: The Eckla Grizzly is a sturdy, universal aluminum rear carrier for many vehicle types (sedans, notchbacks, station wagons, and convertibles). \u2013 Perfect fit by placing the carrier on the rear bumper and securing it to the vehicle with 6 straps. \u2013 Optimal load distribution during transport \u2013 Easy to mount on the vehicle using straps without tools \u2013 Convenient loading and unloading of bicycles at the rear of the vehicle \u2013 Very high transport safety \u2013 Lower fuel consumption compared to roof-mounted transport \u2013 The Grizzly folds up to save space \u2013 Fits 2 bicycles as standard, with an extension available for 3 bikes. Suitable for vehicles with a wide bumper. Also suitable for e-bikes with a tire width of up to approximately 52 mm! To check whether the Eckla Grizzly fits your vehicle, send us a photo of the rear of your vehicle to: info@eckla.de. Our technical specialists will respond as soon as possible.\"><span class=\"Y2IQFc\" lang=\"en\">To check whether the Eckla Grizzly fits your vehicle, send us a photo of the rear of your vehicle to: info@eckla.de. Our technical specialists will respond as soon as possible.<\/span><\/p>\n<\/div><\/div><\/div><\/div><\/div><\/div><div class=\"w-separator size_small with_line width_default thick_1 style_solid color_border align_center\"><div class=\"w-separator-h\"><\/div><\/div><div class=\"wpb_text_column us_custom_3090c82c\"><div class=\"wpb_wrapper\"><h5>Additional information:<\/h5>\n<\/div><\/div><div class=\"wpb_text_column\"><div class=\"wpb_wrapper\"><p>Material: anodized aluminum<\/p>\n<p>Weight: 7.5kg<\/p>\n<p>Dimensions assembled: 120x49x89cm<\/p>\n<p>Load capacity: 38kg<\/p>\n<\/div><\/div><\/div><\/div><\/div><\/div><\/div><\/section>\n","protected":false},"excerpt":{"rendered":"<p>The ECKLA-GRIZZLY rear bike carrier + Grizzly 4&#215;4<\/p>\n","protected":false},"featured_media":22276,"comment_status":"open","ping_status":"closed","template":"","meta":{"_acf_changed":false,"_links_to":"","_links_to_target":""},"product_brand":[],"product_cat":[91],"product_tag":[],"class_list":{"0":"post-17026","1":"product","2":"type-product","3":"status-publish","4":"has-post-thumbnail","6":"product_cat-bicycle-accessories","8":"first","9":"instock","10":"taxable","11":"shipping-taxable","12":"purchasable","13":"product-type-simple"},"acf":[],"yoast_head":"<!-- This site is optimized with the Yoast SEO plugin v27.2 - https:\/\/yoast.com\/product\/yoast-seo-wordpress\/ -->\n<title>The ECKLA-GRIZZLY rear bike carrier - ECKLA\u00ae<\/title>\n<meta name=\"robots\" content=\"index, follow, max-snippet:-1, max-image-preview:large, max-video-preview:-1\" \/>\n<link rel=\"canonical\" href=\"https:\/\/www.eckla.de\/en\/produkt\/the-eckla-grizzly-rear-bike-carrier\/\" \/>\n<meta property=\"og:locale\" content=\"en_US\" \/>\n<meta property=\"og:type\" content=\"article\" \/>\n<meta property=\"og:title\" content=\"The ECKLA-GRIZZLY rear bike carrier - ECKLA\u00ae\" \/>\n<meta property=\"og:description\" content=\"The ECKLA-GRIZZLY rear bike carrier + Grizzly 4x4\" \/>\n<meta property=\"og:url\" content=\"https:\/\/www.eckla.de\/en\/produkt\/the-eckla-grizzly-rear-bike-carrier\/\" \/>\n<meta property=\"og:site_name\" content=\"ECKLA\u00ae\" \/>\n<meta property=\"article:modified_time\" content=\"2025-08-31T22:06:18+00:00\" \/>\n<meta property=\"og:image\" content=\"https:\/\/www.eckla.de\/wp-content\/uploads\/2024\/01\/Grizzy-77780_1x1-scaled.jpg\" \/>\n\t<meta property=\"og:image:width\" content=\"1940\" \/>\n\t<meta property=\"og:image:height\" content=\"1940\" \/>\n\t<meta property=\"og:image:type\" content=\"image\/jpeg\" \/>\n<meta name=\"twitter:card\" content=\"summary_large_image\" \/>\n<meta name=\"twitter:label1\" content=\"Est. reading time\" \/>\n\t<meta name=\"twitter:data1\" content=\"2 minutes\" \/>\n<script type=\"application\/ld+json\" class=\"yoast-schema-graph\">{\"@context\":\"https:\/\/schema.org\",\"@graph\":[{\"@type\":\"WebPage\",\"@id\":\"https:\/\/www.eckla.de\/en\/produkt\/the-eckla-grizzly-rear-bike-carrier\/\",\"url\":\"https:\/\/www.eckla.de\/en\/produkt\/the-eckla-grizzly-rear-bike-carrier\/\",\"name\":\"The ECKLA-GRIZZLY rear bike carrier - ECKLA\u00ae\",\"isPartOf\":{\"@id\":\"https:\/\/www.eckla.de\/#website\"},\"primaryImageOfPage\":{\"@id\":\"https:\/\/www.eckla.de\/en\/produkt\/the-eckla-grizzly-rear-bike-carrier\/#primaryimage\"},\"image\":{\"@id\":\"https:\/\/www.eckla.de\/en\/produkt\/the-eckla-grizzly-rear-bike-carrier\/#primaryimage\"},\"thumbnailUrl\":\"https:\/\/www.eckla.de\/wp-content\/uploads\/2024\/01\/Grizzly-auf-Skoda-Superb-freigestellt-k-1-scaled.jpg\",\"datePublished\":\"2024-01-29T21:46:40+00:00\",\"dateModified\":\"2025-08-31T22:06:18+00:00\",\"breadcrumb\":{\"@id\":\"https:\/\/www.eckla.de\/en\/produkt\/the-eckla-grizzly-rear-bike-carrier\/#breadcrumb\"},\"inLanguage\":\"en-US\",\"potentialAction\":[{\"@type\":\"ReadAction\",\"target\":[\"https:\/\/www.eckla.de\/en\/produkt\/the-eckla-grizzly-rear-bike-carrier\/\"]}]},{\"@type\":\"ImageObject\",\"inLanguage\":\"en-US\",\"@id\":\"https:\/\/www.eckla.de\/en\/produkt\/the-eckla-grizzly-rear-bike-carrier\/#primaryimage\",\"url\":\"https:\/\/www.eckla.de\/wp-content\/uploads\/2024\/01\/Grizzly-auf-Skoda-Superb-freigestellt-k-1-scaled.jpg\",\"contentUrl\":\"https:\/\/www.eckla.de\/wp-content\/uploads\/2024\/01\/Grizzly-auf-Skoda-Superb-freigestellt-k-1-scaled.jpg\",\"width\":1940,\"height\":1940,\"caption\":\"Grizzly Heckfahrradtr\u00e4ger f\u00fcr zwei Fahrr\u00e4der\"},{\"@type\":\"BreadcrumbList\",\"@id\":\"https:\/\/www.eckla.de\/en\/produkt\/the-eckla-grizzly-rear-bike-carrier\/#breadcrumb\",\"itemListElement\":[{\"@type\":\"ListItem\",\"position\":1,\"name\":\"Startseite\",\"item\":\"https:\/\/www.eckla.de\/\"},{\"@type\":\"ListItem\",\"position\":2,\"name\":\"Shop\",\"item\":\"https:\/\/www.eckla.de\/en\/shop-3\/\"},{\"@type\":\"ListItem\",\"position\":3,\"name\":\"The ECKLA-GRIZZLY rear bike carrier\"}]},{\"@type\":\"WebSite\",\"@id\":\"https:\/\/www.eckla.de\/#website\",\"url\":\"https:\/\/www.eckla.de\/\",\"name\":\"ECKLA\u00ae\",\"description\":\"Innovativ seit \u00fcber 40 Jahren\",\"potentialAction\":[{\"@type\":\"SearchAction\",\"target\":{\"@type\":\"EntryPoint\",\"urlTemplate\":\"https:\/\/www.eckla.de\/?s={search_term_string}\"},\"query-input\":{\"@type\":\"PropertyValueSpecification\",\"valueRequired\":true,\"valueName\":\"search_term_string\"}}],\"inLanguage\":\"en-US\"}]}<\/script>\n<!-- \/ Yoast SEO plugin. -->","yoast_head_json":{"title":"The ECKLA-GRIZZLY rear bike carrier - ECKLA\u00ae","robots":{"index":"index","follow":"follow","max-snippet":"max-snippet:-1","max-image-preview":"max-image-preview:large","max-video-preview":"max-video-preview:-1"},"canonical":"https:\/\/www.eckla.de\/en\/produkt\/the-eckla-grizzly-rear-bike-carrier\/","og_locale":"en_US","og_type":"article","og_title":"The ECKLA-GRIZZLY rear bike carrier - ECKLA\u00ae","og_description":"The ECKLA-GRIZZLY rear bike carrier + Grizzly 4x4","og_url":"https:\/\/www.eckla.de\/en\/produkt\/the-eckla-grizzly-rear-bike-carrier\/","og_site_name":"ECKLA\u00ae","article_modified_time":"2025-08-31T22:06:18+00:00","og_image":[{"width":1940,"height":1940,"url":"https:\/\/www.eckla.de\/wp-content\/uploads\/2024\/01\/Grizzy-77780_1x1-scaled.jpg","type":"image\/jpeg"}],"twitter_card":"summary_large_image","twitter_misc":{"Est. reading time":"2 minutes"},"schema":{"@context":"https:\/\/schema.org","@graph":[{"@type":"WebPage","@id":"https:\/\/www.eckla.de\/en\/produkt\/the-eckla-grizzly-rear-bike-carrier\/","url":"https:\/\/www.eckla.de\/en\/produkt\/the-eckla-grizzly-rear-bike-carrier\/","name":"The ECKLA-GRIZZLY rear bike carrier - ECKLA\u00ae","isPartOf":{"@id":"https:\/\/www.eckla.de\/#website"},"primaryImageOfPage":{"@id":"https:\/\/www.eckla.de\/en\/produkt\/the-eckla-grizzly-rear-bike-carrier\/#primaryimage"},"image":{"@id":"https:\/\/www.eckla.de\/en\/produkt\/the-eckla-grizzly-rear-bike-carrier\/#primaryimage"},"thumbnailUrl":"https:\/\/www.eckla.de\/wp-content\/uploads\/2024\/01\/Grizzly-auf-Skoda-Superb-freigestellt-k-1-scaled.jpg","datePublished":"2024-01-29T21:46:40+00:00","dateModified":"2025-08-31T22:06:18+00:00","breadcrumb":{"@id":"https:\/\/www.eckla.de\/en\/produkt\/the-eckla-grizzly-rear-bike-carrier\/#breadcrumb"},"inLanguage":"en-US","potentialAction":[{"@type":"ReadAction","target":["https:\/\/www.eckla.de\/en\/produkt\/the-eckla-grizzly-rear-bike-carrier\/"]}]},{"@type":"ImageObject","inLanguage":"en-US","@id":"https:\/\/www.eckla.de\/en\/produkt\/the-eckla-grizzly-rear-bike-carrier\/#primaryimage","url":"https:\/\/www.eckla.de\/wp-content\/uploads\/2024\/01\/Grizzly-auf-Skoda-Superb-freigestellt-k-1-scaled.jpg","contentUrl":"https:\/\/www.eckla.de\/wp-content\/uploads\/2024\/01\/Grizzly-auf-Skoda-Superb-freigestellt-k-1-scaled.jpg","width":1940,"height":1940,"caption":"Grizzly Heckfahrradtr\u00e4ger f\u00fcr zwei Fahrr\u00e4der"},{"@type":"BreadcrumbList","@id":"https:\/\/www.eckla.de\/en\/produkt\/the-eckla-grizzly-rear-bike-carrier\/#breadcrumb","itemListElement":[{"@type":"ListItem","position":1,"name":"Startseite","item":"https:\/\/www.eckla.de\/"},{"@type":"ListItem","position":2,"name":"Shop","item":"https:\/\/www.eckla.de\/en\/shop-3\/"},{"@type":"ListItem","position":3,"name":"The ECKLA-GRIZZLY rear bike carrier"}]},{"@type":"WebSite","@id":"https:\/\/www.eckla.de\/#website","url":"https:\/\/www.eckla.de\/","name":"ECKLA\u00ae","description":"Innovativ seit \u00fcber 40 Jahren","potentialAction":[{"@type":"SearchAction","target":{"@type":"EntryPoint","urlTemplate":"https:\/\/www.eckla.de\/?s={search_term_string}"},"query-input":{"@type":"PropertyValueSpecification","valueRequired":true,"valueName":"search_term_string"}}],"inLanguage":"en-US"}]}},"_links":{"self":[{"href":"https:\/\/www.eckla.de\/en\/wp-json\/wp\/v2\/product\/17026","targetHints":{"allow":["GET"]}}],"collection":[{"href":"https:\/\/www.eckla.de\/en\/wp-json\/wp\/v2\/product"}],"about":[{"href":"https:\/\/www.eckla.de\/en\/wp-json\/wp\/v2\/types\/product"}],"replies":[{"embeddable":true,"href":"https:\/\/www.eckla.de\/en\/wp-json\/wp\/v2\/comments?post=17026"}],"wp:featuredmedia":[{"embeddable":true,"href":"https:\/\/www.eckla.de\/en\/wp-json\/wp\/v2\/media\/22276"}],"wp:attachment":[{"href":"https:\/\/www.eckla.de\/en\/wp-json\/wp\/v2\/media?parent=17026"}],"wp:term":[{"taxonomy":"product_brand","embeddable":true,"href":"https:\/\/www.eckla.de\/en\/wp-json\/wp\/v2\/product_brand?post=17026"},{"taxonomy":"product_cat","embeddable":true,"href":"https:\/\/www.eckla.de\/en\/wp-json\/wp\/v2\/product_cat?post=17026"},{"taxonomy":"product_tag","embeddable":true,"href":"https:\/\/www.eckla.de\/en\/wp-json\/wp\/v2\/product_tag?post=17026"}],"curies":[{"name":"wp","href":"https:\/\/api.w.org\/{rel}","templated":true}]}}